{"id":728,"date":"2014-07-02T14:06:16","date_gmt":"2014-07-02T14:06:16","guid":{"rendered":"http:\/\/clinico.creaws.com\/?page_id=728"},"modified":"2025-08-06T12:47:32","modified_gmt":"2025-08-06T15:47:32","slug":"conatcts","status":"publish","type":"page","link":"http:\/\/atsalaplata.org.ar\/web\/conatcts\/","title":{"rendered":"Contacto"},"content":{"rendered":"\n<div class=\"wp-block-columns is-layout-flex wp-container-core-columns-is-layout-28f84493 wp-block-columns-is-layout-flex\">\n<div class=\"wp-block-column is-layout-flow wp-block-column-is-layout-flow\" style=\"flex-basis:66.66%\">\n<p><\/p>\n\n\n\n<p><\/p>\n\n\n\n<div class=\"wp-block-contact-form-7-contact-form-selector\">[contact-form-7 id=\u00bb6074&#8243; title=\u00bbNew_Contacto\u00bb]<\/div>\n\n\n\n<p><\/p>\n<\/div>\n\n\n\n<div class=\"wp-block-column is-layout-flow wp-block-column-is-layout-flow\" style=\"flex-basis:33.33%\">\n<p class=\"has-text-align-center has-white-color has-vivid-cyan-blue-background-color has-text-color has-background\"><strong>D\u00edas y horarios de atenci\u00f3n<\/strong><\/p>\n\n\n\n<p class=\"has-text-align-center\">Lunes a Viernes<br>de 8:00 a 16:00 hs.<\/p>\n\n\n\n<p class=\"has-text-align-center has-white-color has-vivid-cyan-blue-background-color has-text-color has-background\"><strong>Tel\u00e9fonos<\/strong><\/p>\n\n\n\n<p class=\"has-text-align-right\">(0221) 422-6563<\/p>\n\n\n\n<p class=\"has-text-align-right\">(0221) 425-5167<\/p>\n\n\n\n<p class=\"has-text-align-right\">(0221) 425-9612<\/p>\n\n\n\n<p class=\"has-text-align-right\">(0221) 483-8573<\/p>\n\n\n\n<p class=\"has-text-align-center has-white-color has-vivid-cyan-blue-background-color has-text-color has-background\"><strong>C\u00f3mo llegar<\/strong><\/p>\n\n\n\n<p class=\"has-text-align-right\">Calle 5 N\u00ba 375<br>La Plata, Buenos Aires<\/p>\n\n\n\n<p class=\"has-text-align-right\">(entre 39 y 40)<\/p>\n<\/div>\n<\/div>\n\n\n\n<div class=\"wp-block-qubely-map qubely-block-3cb5d2\"><iframe loading=\"lazy\" width=\"100%\" height=\"350px\" src=\"https:\/\/maps.google.com\/maps?q=atsa%20la%20plata&amp;t=&amp;z=16&amp;ie=UTF8&amp;iwloc=&amp;output=embed\" frameborder=\"0\" scrolling=\"no\" marginheight=\"0\" marginwidth=\"0\"><\/iframe><\/div>\n","protected":false},"excerpt":{"rendered":"<p>D\u00edas y horarios de atenci\u00f3n Lunes a Viernesde 8:00 a 16:00 hs. Tel\u00e9fonos (0221) 422-6563&#8230;<\/p>\n","protected":false},"author":1,"featured_media":0,"parent":0,"menu_order":0,"comment_status":"open","ping_status":"closed","template":"","meta":{"footnotes":""},"class_list":["post-728","page","type-page","status-publish","hentry"],"_links":{"self":[{"href":"http:\/\/atsalaplata.org.ar\/web\/wp-json\/wp\/v2\/pages\/728","targetHints":{"allow":["GET"]}}],"collection":[{"href":"http:\/\/atsalaplata.org.ar\/web\/wp-json\/wp\/v2\/pages"}],"about":[{"href":"http:\/\/atsalaplata.org.ar\/web\/wp-json\/wp\/v2\/types\/page"}],"author":[{"embeddable":true,"href":"http:\/\/atsalaplata.org.ar\/web\/wp-json\/wp\/v2\/users\/1"}],"replies":[{"embeddable":true,"href":"http:\/\/atsalaplata.org.ar\/web\/wp-json\/wp\/v2\/comments?post=728"}],"version-history":[{"count":47,"href":"http:\/\/atsalaplata.org.ar\/web\/wp-json\/wp\/v2\/pages\/728\/revisions"}],"predecessor-version":[{"id":18866,"href":"http:\/\/atsalaplata.org.ar\/web\/wp-json\/wp\/v2\/pages\/728\/revisions\/18866"}],"wp:attachment":[{"href":"http:\/\/atsalaplata.org.ar\/web\/wp-json\/wp\/v2\/media?parent=728"}],"curies":[{"name":"wp","href":"https:\/\/api.w.org\/{rel}","templated":true}]}}